{"id":2451,"date":"2022-11-17T08:28:30","date_gmt":"2022-11-17T07:28:30","guid":{"rendered":"https:\/\/www.gebirgsverein-services.at\/bergsteigergruppe\/?page_id=2451"},"modified":"2022-11-17T10:13:09","modified_gmt":"2022-11-17T09:13:09","slug":"kleiner-oedstein","status":"publish","type":"page","link":"http:\/\/www.gebirgsverein-services.at\/bergsteigergruppe\/kleiner-oedstein\/","title":{"rendered":"Kleiner \u00d6dstein"},"content":{"rendered":"\t\t<div data-elementor-type=\"wp-page\" data-elementor-id=\"2451\" class=\"elementor elementor-2451\">\n\t\t\t\t\t\t<section class=\"elementor-section elementor-top-section elementor-element elementor-element-6ccecb9 elementor-section-boxed elementor-section-height-default elementor-section-height-default\" data-id=\"6ccecb9\" data-element_type=\"section\" data-e-type=\"section\">\n\t\t\t\t\t\t<div class=\"elementor-container elementor-column-gap-default\">\n\t\t\t\t\t<div class=\"elementor-column elementor-col-100 elementor-top-column elementor-element elementor-element-1ea7739\" data-id=\"1ea7739\" data-element_type=\"column\" data-e-type=\"column\">\n\t\t\t<div class=\"elementor-widget-wrap elementor-element-populated\">\n\t\t\t\t\t\t<div class=\"elementor-element elementor-element-41a4223 elementor-widget elementor-widget-heading\" data-id=\"41a4223\" data-element_type=\"widget\" data-e-type=\"widget\" data-widget_type=\"heading.default\">\n\t\t\t\t<div class=\"elementor-widget-container\">\n\t\t\t\t\t<h2 class=\"elementor-heading-title elementor-size-default\">Kleiner \u00d6dstein<\/h2>\t\t\t\t<\/div>\n\t\t\t\t<\/div>\n\t\t\t\t<div class=\"elementor-element elementor-element-88b0bb3 elementor-widget elementor-widget-heading\" data-id=\"88b0bb3\" data-element_type=\"widget\" data-e-type=\"widget\" data-widget_type=\"heading.default\">\n\t\t\t\t<div class=\"elementor-widget-container\">\n\t\t\t\t\t<h5 class=\"elementor-heading-title elementor-size-default\">Christian Faltin<\/h5>\t\t\t\t<\/div>\n\t\t\t\t<\/div>\n\t\t\t\t\t<\/div>\n\t\t<\/div>\n\t\t\t\t\t<\/div>\n\t\t<\/section>\n\t\t\t\t<section class=\"elementor-section elementor-top-section elementor-element elementor-element-78e88c6 elementor-section-boxed elementor-section-height-default elementor-section-height-default\" data-id=\"78e88c6\" data-element_type=\"section\" data-e-type=\"section\">\n\t\t\t\t\t\t<div class=\"elementor-container elementor-column-gap-default\">\n\t\t\t\t\t<div class=\"elementor-column elementor-col-100 elementor-top-column elementor-element elementor-element-9a67d19\" data-id=\"9a67d19\" data-element_type=\"column\" data-e-type=\"column\">\n\t\t\t<div class=\"elementor-widget-wrap elementor-element-populated\">\n\t\t\t\t\t\t<section class=\"elementor-section elementor-inner-section elementor-element elementor-element-e9e2625 elementor-section-boxed elementor-section-height-default elementor-section-height-default\" data-id=\"e9e2625\" data-element_type=\"section\" data-e-type=\"section\">\n\t\t\t\t\t\t<div class=\"elementor-container elementor-column-gap-default\">\n\t\t\t\t\t<div class=\"elementor-column elementor-col-50 elementor-inner-column elementor-element elementor-element-e82236b\" data-id=\"e82236b\" data-element_type=\"column\" data-e-type=\"column\">\n\t\t\t<div class=\"elementor-widget-wrap elementor-element-populated\">\n\t\t\t\t\t\t<div class=\"elementor-element elementor-element-7a178c0 elementor-widget elementor-widget-text-editor\" data-id=\"7a178c0\" data-element_type=\"widget\" data-e-type=\"widget\" data-widget_type=\"text-editor.default\">\n\t\t\t\t<div class=\"elementor-widget-container\">\n\t\t\t\t\t\t\t\t\t<p>S\u00fcdostwand<br \/>Waidhofener Weg, 4-5<br \/>17 Seill\u00e4ngen.<br \/>Abstieg: 400 bis 500m abklettern zum Gamssteinsattel, 2.Grad<\/p><p>&#8212;&#8212;&#8212;&#8212;<\/p><p>Diese Eintragung in unserer Tourenpartnerb\u00f6rse hat anscheinend nicht allzu verlockend geklungen.<\/p><p>Die kurze Bemerkung \u00fcber den (leider notwendigen) Abstieg war wohl eher abschreckend und wurde durch ein verhei\u00dfungsvolles Foto einer bildsch\u00f6nen Wasserrillenplatte aus dem Xeis-F\u00fchrer nicht aufgewogen.<\/p><p>Aber Christian war fest entschlossen, diese Tour noch 2005 an Land zu ziehen, und blieb beharrlich, wenn auch mit Hintergedanken<br \/>(&#8222;na\u00a0<i>ihr<\/i>\u00a0seids ma Alpinisten&#8230;&#8220;).<\/p><p>Nach der Bereinigung von Wetter- und Terminproblemen blieben nur noch drei Unentwegte \u00fcbrig, B\u00e4rbel, Hans und Christian, und sie bildeten eine Dreierpartie an einem wolkenlosen Samstag Mitte Juni.<\/p><p>(Unentwegte = Die sich den Weg nicht nehmen lassen)<\/p><p>Abends beim Johnsbacher K\u00f6lblwirt beschlossen, um 5h aufzustehen, abendgegessen, im Bett ger\u00e4kelt, tramhappert aufgestanden, ansatzweise gefr\u00fchst\u00fcckt, den Wald hinaufgewankt, den &#8222;Mini-Gletscher&#8220; samt Randkluft am Wandfu\u00df be\u00e4ugt, eine schon anwesende Seilschaft abgewartet, grasige Felsbuckel hochgestiegen und gequert, schlie\u00dflich mit zunehmender Munterkeit die sich langsam aufsteilende Wand hochgeturnt, dann<br \/>Wasserrillen,<br \/>Wasserrillen,<br \/>Wasserr&#8230;<\/p><p>Wundersch\u00f6n und etwas schmerzhaft:<\/p><p>Wasserrillen.<\/p><p>Teils seicht, gerade f\u00fcr die Finger- und die Zehenspitzen.<\/p><p>Dann wadltief, O-beinig zu gehen, Rille links, Rille rechts,<br \/>den scharfkantigen Steg dazwischen zum Krallen.<\/p><p>Und pl\u00f6tzlich geht gar nichts mehr.<\/p><p>Der Schuh steckt fest, die Wasserrille hat sich darin verbissen wie ein Hund.<\/p><p>Beim Versuch, sich loszurei\u00dfen, l\u00e4uft man Gefahr, r\u00fccklings aus der Platte zu kippen.<\/p><p>Gl\u00fccklicherweise gibts einen Haken, halt dich fest (reine Notwehr &#8211; hat mit technischem Klettern nichts zu tun) und rei\u00df ihr den Schuh gewaltsam aus dem Maul.<\/p><p>Er sieht schlimm aus.<\/p><p>(Heisst nicht die Nachbarroute &#8222;Gummikiller&#8220;?)<\/p><p>Je h\u00f6her, desto toller, die Kletterei ist nun wirklich traumhaft!<\/p><p>Die beiden M\u00e4nner vermissen bei B\u00e4rbel ein wenig die erwartete Begeisterung:<\/p><p>(12. Seill\u00e4nge:)<\/p><p>&#8222;Ja, mir gef\u00e4llts eh gut&#8220;<br \/>&#8212; &#8222;des klingt aber net ganz \u00fcberzeugend&#8230;&#8220;<\/p><p>(13. Seill\u00e4nge:)<\/p><p>&#8222;Also Christian, jetzt werd ich aber richtig euphorisch!&#8220;<br \/>&#8212; &#8222;na liab, hast des \u00f6fter&#8230;?&#8220;<\/p><p>(15. Seill\u00e4nge:)<\/p><p>&#8222;Das is ja richtig toll!&#8220;<br \/>&#8212; &#8222;na endlich&#8230;&#8220;<\/p><p>Gutm\u00fctiges Gebl\u00f6del.<\/p><p>Eine bildsch\u00f6ne, steile F\u00fcnfer-Seill\u00e4nge, wandig, mit nur mehr angedeuteten Rillen, und noch eine L\u00e4nge, dann ist der Ausstieg erreicht.<\/p><p>Christian, wie immer gipfelhungrig, braucht dringend den Blick hin\u00fcber ins Ennstal und gibt sichs noch bis zum Gipfelkreuz des Kleinen \u00d6dsteins.<\/p><p>&#8212;&#8212;&#8212;&#8211;<\/p><p>Alles endet irgendwann, auch die Gipfelrast f\u00e4llt schlie\u00dflich dem Abstieg zum Opfer.<\/p><p>Blaue Markierungen, wie gut!<\/p><p>Abklettern, abklettern, ab-<\/p><p>-wo?<\/p><p>Ganz nach vor gehen, senkrecht runterschauen, tats\u00e4chlich, da geht er weiter, dieser &#8222;Zweier&#8220;, traut sich was!<\/p><p>Die ersten paar Mal lachen wir noch.<\/p><p>Bis der Zweier dann durch eine Steinschlagrinne &#8222;sickert&#8220;, in der alle Tr\u00fcmmer unabh\u00e4ngig von ihrer Gr\u00f6\u00dfe nicht nur locker sind, sondern auch wirklich abgehen.<\/p><p>Bis er eine Gras-und-Fels-Kanzel nicht nur senkrecht nach unten verl\u00e4sst, sondern in einzelnen Metern sogar ein bisschen h\u00e4ngt.<\/p><p>(Zitat Oliver K\u00f6nig: &#8222;\u00fc\u00fcberh\u00e4ngendes Zweiergel\u00e4nde!&#8220; &#8211; mit verhaltener Abscheu ausgesprochen)<\/p><p>Am coolsten bleibt noch Hans: &#8222;I kenn de Gs\u00e4us-Schluchten, de schaun halt net besser aus&#8230;&#8220;<\/p><p>Der Abstieg zum Gamssteinsattel wird nach unten immer schlimmer, hat aber gegen\u00fcber dem &#8222;Kirchengrat&#8220; den Vorteil, dass wegen der Steilheit &#8222;was weitergeht&#8220;, dass er einfach fr\u00fcher endet.<\/p><p>Bei N\u00e4sse w\u00e4rs allerdings grimmig.<\/p><p>(Zitat Willi End: &#8222;mehr gef\u00e4hrlich als schwierig&#8220;)<\/p><p>&#8212;&#8212;&#8212;&#8212;<\/p><p>Beim K\u00f6lblwirt werden noch diverse K\u00f6stlichkeiten durchprobiert, f\u00fcr die es gestern wegen der sp\u00e4ten Stunde nicht mehr gereicht hat, und nachdem Hans einen ordentlichen Kaffee getrunken hat, f\u00e4hrt er ruhig und sicher nach Hause, w\u00e4hrend Christian vor sich hin d\u00f6st und B\u00e4rbel hinten auf der Bank einschl\u00e4ft.<\/p><p>Ein wundersch\u00f6ner Aufstieg,<br \/>ein grauslicher Abstieg,<br \/>zum Gl\u00fcck wars net umgekehrt!<\/p><p>\u00a0<\/p>\t\t\t\t\t\t\t\t<\/div>\n\t\t\t\t<\/div>\n\t\t\t\t<div class=\"elementor-element elementor-element-d3e4f63 elementor-widget elementor-widget-image\" data-id=\"d3e4f63\" data-element_type=\"widget\" data-e-type=\"widget\" data-widget_type=\"image.default\">\n\t\t\t\t<div class=\"elementor-widget-container\">\n\t\t\t\t\t\t\t\t\t\t\t\t<figure class=\"wp-caption\">\n\t\t\t\t\t\t\t\t\t\t<img fetchpriority=\"high\" decoding=\"async\" width=\"600\" height=\"370\" src=\"http:\/\/www.gebirgsverein-services.at\/bergsteigergruppe\/wp-content\/uploads\/2022\/11\/BG_2005-06_KleinerOedstein8-SO-Wand_ChristianFaltin_AlpenLeinkraut.jpg\" class=\"attachment-medium_large size-medium_large wp-image-2464\" alt=\"\" srcset=\"http:\/\/www.gebirgsverein-services.at\/bergsteigergruppe\/wp-content\/uploads\/2022\/11\/BG_2005-06_KleinerOedstein8-SO-Wand_ChristianFaltin_AlpenLeinkraut.jpg 600w, http:\/\/www.gebirgsverein-services.at\/bergsteigergruppe\/wp-content\/uploads\/2022\/11\/BG_2005-06_KleinerOedstein8-SO-Wand_ChristianFaltin_AlpenLeinkraut-300x185.jpg 300w\" sizes=\"(max-width: 600px) 100vw, 600px\" \/>\t\t\t\t\t\t\t\t\t\t\t<figcaption class=\"widget-image-caption wp-caption-text\">Alpenlein<\/figcaption>\n\t\t\t\t\t\t\t\t\t\t<\/figure>\n\t\t\t\t\t\t\t\t\t<\/div>\n\t\t\t\t<\/div>\n\t\t\t\t\t<\/div>\n\t\t<\/div>\n\t\t\t\t<div class=\"elementor-column elementor-col-50 elementor-inner-column elementor-element elementor-element-b1e2633\" data-id=\"b1e2633\" data-element_type=\"column\" data-e-type=\"column\">\n\t\t\t<div class=\"elementor-widget-wrap elementor-element-populated\">\n\t\t\t\t\t\t<div class=\"elementor-element elementor-element-ab3ad2d elementor-widget elementor-widget-image\" data-id=\"ab3ad2d\" data-element_type=\"widget\" data-e-type=\"widget\" data-widget_type=\"image.default\">\n\t\t\t\t<div class=\"elementor-widget-container\">\n\t\t\t\t\t\t\t\t\t\t\t\t<figure class=\"wp-caption\">\n\t\t\t\t\t\t\t\t\t\t<img decoding=\"async\" width=\"354\" height=\"600\" src=\"http:\/\/www.gebirgsverein-services.at\/bergsteigergruppe\/wp-content\/uploads\/2022\/11\/BG_2005-06_KleinerOedstein1-SO-Wand_ChristianFaltin_Schneefeld-am-Einstieg.jpg\" class=\"attachment-medium_large size-medium_large wp-image-2457\" alt=\"\" srcset=\"http:\/\/www.gebirgsverein-services.at\/bergsteigergruppe\/wp-content\/uploads\/2022\/11\/BG_2005-06_KleinerOedstein1-SO-Wand_ChristianFaltin_Schneefeld-am-Einstieg.jpg 354w, http:\/\/www.gebirgsverein-services.at\/bergsteigergruppe\/wp-content\/uploads\/2022\/11\/BG_2005-06_KleinerOedstein1-SO-Wand_ChristianFaltin_Schneefeld-am-Einstieg-177x300.jpg 177w\" sizes=\"(max-width: 354px) 100vw, 354px\" \/>\t\t\t\t\t\t\t\t\t\t\t<figcaption class=\"widget-image-caption wp-caption-text\">Schneefeld am Einstieg...<\/figcaption>\n\t\t\t\t\t\t\t\t\t\t<\/figure>\n\t\t\t\t\t\t\t\t\t<\/div>\n\t\t\t\t<\/div>\n\t\t\t\t<div class=\"elementor-element elementor-element-0294f93 elementor-widget elementor-widget-image\" data-id=\"0294f93\" data-element_type=\"widget\" data-e-type=\"widget\" data-widget_type=\"image.default\">\n\t\t\t\t<div class=\"elementor-widget-container\">\n\t\t\t\t\t\t\t\t\t\t\t\t<figure class=\"wp-caption\">\n\t\t\t\t\t\t\t\t\t\t<img decoding=\"async\" width=\"354\" height=\"600\" src=\"http:\/\/www.gebirgsverein-services.at\/bergsteigergruppe\/wp-content\/uploads\/2022\/11\/BG_2005-06_KleinerOedstein2-SO-Wand_ChristianFaltin_Randkluft-am-Einstieg.jpg\" class=\"attachment-medium_large size-medium_large wp-image-2458\" alt=\"\" srcset=\"http:\/\/www.gebirgsverein-services.at\/bergsteigergruppe\/wp-content\/uploads\/2022\/11\/BG_2005-06_KleinerOedstein2-SO-Wand_ChristianFaltin_Randkluft-am-Einstieg.jpg 354w, http:\/\/www.gebirgsverein-services.at\/bergsteigergruppe\/wp-content\/uploads\/2022\/11\/BG_2005-06_KleinerOedstein2-SO-Wand_ChristianFaltin_Randkluft-am-Einstieg-177x300.jpg 177w\" sizes=\"(max-width: 354px) 100vw, 354px\" \/>\t\t\t\t\t\t\t\t\t\t\t<figcaption class=\"widget-image-caption wp-caption-text\">...und die Randkluft<\/figcaption>\n\t\t\t\t\t\t\t\t\t\t<\/figure>\n\t\t\t\t\t\t\t\t\t<\/div>\n\t\t\t\t<\/div>\n\t\t\t\t<div class=\"elementor-element elementor-element-0ee4718 elementor-widget elementor-widget-image\" data-id=\"0ee4718\" data-element_type=\"widget\" data-e-type=\"widget\" data-widget_type=\"image.default\">\n\t\t\t\t<div class=\"elementor-widget-container\">\n\t\t\t\t\t\t\t\t\t\t\t\t<figure class=\"wp-caption\">\n\t\t\t\t\t\t\t\t\t\t<img loading=\"lazy\" decoding=\"async\" width=\"600\" height=\"354\" src=\"http:\/\/www.gebirgsverein-services.at\/bergsteigergruppe\/wp-content\/uploads\/2022\/11\/BG_2005-06_KleinerOedstein3-SO-Wand_ChristianFaltin_Wand-steilt-sich-auf.jpg\" class=\"attachment-medium_large size-medium_large wp-image-2459\" alt=\"\" srcset=\"http:\/\/www.gebirgsverein-services.at\/bergsteigergruppe\/wp-content\/uploads\/2022\/11\/BG_2005-06_KleinerOedstein3-SO-Wand_ChristianFaltin_Wand-steilt-sich-auf.jpg 600w, http:\/\/www.gebirgsverein-services.at\/bergsteigergruppe\/wp-content\/uploads\/2022\/11\/BG_2005-06_KleinerOedstein3-SO-Wand_ChristianFaltin_Wand-steilt-sich-auf-300x177.jpg 300w\" sizes=\"(max-width: 600px) 100vw, 600px\" \/>\t\t\t\t\t\t\t\t\t\t\t<figcaption class=\"widget-image-caption wp-caption-text\">..die Wand steilt sich auf<\/figcaption>\n\t\t\t\t\t\t\t\t\t\t<\/figure>\n\t\t\t\t\t\t\t\t\t<\/div>\n\t\t\t\t<\/div>\n\t\t\t\t<div class=\"elementor-element elementor-element-37c6548 elementor-widget elementor-widget-image\" data-id=\"37c6548\" data-element_type=\"widget\" data-e-type=\"widget\" data-widget_type=\"image.default\">\n\t\t\t\t<div class=\"elementor-widget-container\">\n\t\t\t\t\t\t\t\t\t\t\t\t<figure class=\"wp-caption\">\n\t\t\t\t\t\t\t\t\t\t<img loading=\"lazy\" decoding=\"async\" width=\"600\" height=\"354\" src=\"http:\/\/www.gebirgsverein-services.at\/bergsteigergruppe\/wp-content\/uploads\/2022\/11\/BG_2005-06_KleinerOedstein3-SO-Wand_ChristianFaltin_Wand-steilt-sich-auf.jpg\" class=\"attachment-medium_large size-medium_large wp-image-2459\" alt=\"\" srcset=\"http:\/\/www.gebirgsverein-services.at\/bergsteigergruppe\/wp-content\/uploads\/2022\/11\/BG_2005-06_KleinerOedstein3-SO-Wand_ChristianFaltin_Wand-steilt-sich-auf.jpg 600w, http:\/\/www.gebirgsverein-services.at\/bergsteigergruppe\/wp-content\/uploads\/2022\/11\/BG_2005-06_KleinerOedstein3-SO-Wand_ChristianFaltin_Wand-steilt-sich-auf-300x177.jpg 300w\" sizes=\"(max-width: 600px) 100vw, 600px\" \/>\t\t\t\t\t\t\t\t\t\t\t<figcaption class=\"widget-image-caption wp-caption-text\">Die Wand steilt sich auf...<\/figcaption>\n\t\t\t\t\t\t\t\t\t\t<\/figure>\n\t\t\t\t\t\t\t\t\t<\/div>\n\t\t\t\t<\/div>\n\t\t\t\t<div class=\"elementor-element elementor-element-2f80932 elementor-widget elementor-widget-image\" data-id=\"2f80932\" data-element_type=\"widget\" data-e-type=\"widget\" data-widget_type=\"image.default\">\n\t\t\t\t<div class=\"elementor-widget-container\">\n\t\t\t\t\t\t\t\t\t\t\t\t<figure class=\"wp-caption\">\n\t\t\t\t\t\t\t\t\t\t<img loading=\"lazy\" decoding=\"async\" width=\"600\" height=\"354\" src=\"http:\/\/www.gebirgsverein-services.at\/bergsteigergruppe\/wp-content\/uploads\/2022\/11\/BG_2005-06_KleinerOedstein4-SO-Wand_ChristianFaltin_Wand-bekommt-Rillen.jpg\" class=\"attachment-medium_large size-medium_large wp-image-2460\" alt=\"\" srcset=\"http:\/\/www.gebirgsverein-services.at\/bergsteigergruppe\/wp-content\/uploads\/2022\/11\/BG_2005-06_KleinerOedstein4-SO-Wand_ChristianFaltin_Wand-bekommt-Rillen.jpg 600w, http:\/\/www.gebirgsverein-services.at\/bergsteigergruppe\/wp-content\/uploads\/2022\/11\/BG_2005-06_KleinerOedstein4-SO-Wand_ChristianFaltin_Wand-bekommt-Rillen-300x177.jpg 300w\" sizes=\"(max-width: 600px) 100vw, 600px\" \/>\t\t\t\t\t\t\t\t\t\t\t<figcaption class=\"widget-image-caption wp-caption-text\">...und bekommt Rillen<\/figcaption>\n\t\t\t\t\t\t\t\t\t\t<\/figure>\n\t\t\t\t\t\t\t\t\t<\/div>\n\t\t\t\t<\/div>\n\t\t\t\t<div class=\"elementor-element elementor-element-85c307d elementor-widget elementor-widget-image\" data-id=\"85c307d\" data-element_type=\"widget\" data-e-type=\"widget\" data-widget_type=\"image.default\">\n\t\t\t\t<div class=\"elementor-widget-container\">\n\t\t\t\t\t\t\t\t\t\t\t\t<figure class=\"wp-caption\">\n\t\t\t\t\t\t\t\t\t\t<img loading=\"lazy\" decoding=\"async\" width=\"600\" height=\"370\" src=\"http:\/\/www.gebirgsverein-services.at\/bergsteigergruppe\/wp-content\/uploads\/2022\/11\/BG_2005-06_KleinerOedstein5-SO-Wand_ChristianFaltin_Laerchengruppe-in-der-Wand.jpg\" class=\"attachment-medium_large size-medium_large wp-image-2461\" alt=\"\" srcset=\"http:\/\/www.gebirgsverein-services.at\/bergsteigergruppe\/wp-content\/uploads\/2022\/11\/BG_2005-06_KleinerOedstein5-SO-Wand_ChristianFaltin_Laerchengruppe-in-der-Wand.jpg 600w, http:\/\/www.gebirgsverein-services.at\/bergsteigergruppe\/wp-content\/uploads\/2022\/11\/BG_2005-06_KleinerOedstein5-SO-Wand_ChristianFaltin_Laerchengruppe-in-der-Wand-300x185.jpg 300w\" sizes=\"(max-width: 600px) 100vw, 600px\" \/>\t\t\t\t\t\t\t\t\t\t\t<figcaption class=\"widget-image-caption wp-caption-text\">Eine L\u00e4rchengruppe steht mitten in der Wand<\/figcaption>\n\t\t\t\t\t\t\t\t\t\t<\/figure>\n\t\t\t\t\t\t\t\t\t<\/div>\n\t\t\t\t<\/div>\n\t\t\t\t<div class=\"elementor-element elementor-element-a6f72e6 elementor-widget elementor-widget-image\" data-id=\"a6f72e6\" data-element_type=\"widget\" data-e-type=\"widget\" data-widget_type=\"image.default\">\n\t\t\t\t<div class=\"elementor-widget-container\">\n\t\t\t\t\t\t\t\t\t\t\t\t<figure class=\"wp-caption\">\n\t\t\t\t\t\t\t\t\t\t<img loading=\"lazy\" decoding=\"async\" width=\"600\" height=\"370\" src=\"http:\/\/www.gebirgsverein-services.at\/bergsteigergruppe\/wp-content\/uploads\/2022\/11\/BG_2005-06_KleinerOedstein6-SO-Wand_ChristianFaltin_tiefe-Wasserrillen.jpg\" class=\"attachment-medium_large size-medium_large wp-image-2462\" alt=\"\" srcset=\"http:\/\/www.gebirgsverein-services.at\/bergsteigergruppe\/wp-content\/uploads\/2022\/11\/BG_2005-06_KleinerOedstein6-SO-Wand_ChristianFaltin_tiefe-Wasserrillen.jpg 600w, http:\/\/www.gebirgsverein-services.at\/bergsteigergruppe\/wp-content\/uploads\/2022\/11\/BG_2005-06_KleinerOedstein6-SO-Wand_ChristianFaltin_tiefe-Wasserrillen-300x185.jpg 300w\" sizes=\"(max-width: 600px) 100vw, 600px\" \/>\t\t\t\t\t\t\t\t\t\t\t<figcaption class=\"widget-image-caption wp-caption-text\">Tiefe Wasserrillen<\/figcaption>\n\t\t\t\t\t\t\t\t\t\t<\/figure>\n\t\t\t\t\t\t\t\t\t<\/div>\n\t\t\t\t<\/div>\n\t\t\t\t<div class=\"elementor-element elementor-element-828bae0 elementor-widget elementor-widget-image\" data-id=\"828bae0\" data-element_type=\"widget\" data-e-type=\"widget\" data-widget_type=\"image.default\">\n\t\t\t\t<div class=\"elementor-widget-container\">\n\t\t\t\t\t\t\t\t\t\t\t\t<figure class=\"wp-caption\">\n\t\t\t\t\t\t\t\t\t\t<img loading=\"lazy\" decoding=\"async\" width=\"600\" height=\"370\" src=\"http:\/\/www.gebirgsverein-services.at\/bergsteigergruppe\/wp-content\/uploads\/2022\/11\/BG_2005-06_KleinerOedstein7-SO-Wand_ChristianFaltin_Ja-mir-gefaellt-es-eh-gut.jpg\" class=\"attachment-medium_large size-medium_large wp-image-2463\" alt=\"\" srcset=\"http:\/\/www.gebirgsverein-services.at\/bergsteigergruppe\/wp-content\/uploads\/2022\/11\/BG_2005-06_KleinerOedstein7-SO-Wand_ChristianFaltin_Ja-mir-gefaellt-es-eh-gut.jpg 600w, http:\/\/www.gebirgsverein-services.at\/bergsteigergruppe\/wp-content\/uploads\/2022\/11\/BG_2005-06_KleinerOedstein7-SO-Wand_ChristianFaltin_Ja-mir-gefaellt-es-eh-gut-300x185.jpg 300w\" sizes=\"(max-width: 600px) 100vw, 600px\" \/>\t\t\t\t\t\t\t\t\t\t\t<figcaption class=\"widget-image-caption wp-caption-text\">Ja, mir gef\u00e4llts eh gut!<\/figcaption>\n\t\t\t\t\t\t\t\t\t\t<\/figure>\n\t\t\t\t\t\t\t\t\t<\/div>\n\t\t\t\t<\/div>\n\t\t\t\t\t<\/div>\n\t\t<\/div>\n\t\t\t\t\t<\/div>\n\t\t<\/section>\n\t\t\t\t\t<\/div>\n\t\t<\/div>\n\t\t\t\t\t<\/div>\n\t\t<\/section>\n\t\t\t\t<section class=\"elementor-section elementor-top-section elementor-element elementor-element-e8186dc elementor-section-boxed elementor-section-height-default elementor-section-height-default\" data-id=\"e8186dc\" data-element_type=\"section\" data-e-type=\"section\">\n\t\t\t\t\t\t<div class=\"elementor-container elementor-column-gap-default\">\n\t\t\t\t\t<div class=\"elementor-column elementor-col-100 elementor-top-column elementor-element elementor-element-23bd534\" data-id=\"23bd534\" data-element_type=\"column\" data-e-type=\"column\">\n\t\t\t<div class=\"elementor-widget-wrap elementor-element-populated\">\n\t\t\t\t\t\t<section class=\"elementor-section elementor-inner-section elementor-element elementor-element-1ca2650 elementor-section-boxed elementor-section-height-default elementor-section-height-default\" data-id=\"1ca2650\" data-element_type=\"section\" data-e-type=\"section\">\n\t\t\t\t\t\t<div class=\"elementor-container elementor-column-gap-default\">\n\t\t\t\t\t<div class=\"elementor-column elementor-col-50 elementor-inner-column elementor-element elementor-element-9c7c7a7\" data-id=\"9c7c7a7\" data-element_type=\"column\" data-e-type=\"column\">\n\t\t\t<div class=\"elementor-widget-wrap elementor-element-populated\">\n\t\t\t\t\t\t<div class=\"elementor-element elementor-element-fa045a7 elementor-widget elementor-widget-image\" data-id=\"fa045a7\" data-element_type=\"widget\" data-e-type=\"widget\" data-widget_type=\"image.default\">\n\t\t\t\t<div class=\"elementor-widget-container\">\n\t\t\t\t\t\t\t\t\t\t\t\t<figure class=\"wp-caption\">\n\t\t\t\t\t\t\t\t\t\t<img loading=\"lazy\" decoding=\"async\" width=\"600\" height=\"391\" src=\"http:\/\/www.gebirgsverein-services.at\/bergsteigergruppe\/wp-content\/uploads\/2022\/11\/BG_2005-06_KleinerOedstein9-SO-Wand_ChristianFaltin_Rast-am-Ausstieg.jpg\" class=\"attachment-medium_large size-medium_large wp-image-2465\" alt=\"\" srcset=\"http:\/\/www.gebirgsverein-services.at\/bergsteigergruppe\/wp-content\/uploads\/2022\/11\/BG_2005-06_KleinerOedstein9-SO-Wand_ChristianFaltin_Rast-am-Ausstieg.jpg 600w, http:\/\/www.gebirgsverein-services.at\/bergsteigergruppe\/wp-content\/uploads\/2022\/11\/BG_2005-06_KleinerOedstein9-SO-Wand_ChristianFaltin_Rast-am-Ausstieg-300x196.jpg 300w\" sizes=\"(max-width: 600px) 100vw, 600px\" \/>\t\t\t\t\t\t\t\t\t\t\t<figcaption class=\"widget-image-caption wp-caption-text\">Rast am Ausstieg<\/figcaption>\n\t\t\t\t\t\t\t\t\t\t<\/figure>\n\t\t\t\t\t\t\t\t\t<\/div>\n\t\t\t\t<\/div>\n\t\t\t\t\t<\/div>\n\t\t<\/div>\n\t\t\t\t<div class=\"elementor-column elementor-col-50 elementor-inner-column elementor-element elementor-element-9a43680\" data-id=\"9a43680\" data-element_type=\"column\" data-e-type=\"column\">\n\t\t\t<div class=\"elementor-widget-wrap elementor-element-populated\">\n\t\t\t\t\t\t<div class=\"elementor-element elementor-element-51c992e elementor-widget elementor-widget-image\" data-id=\"51c992e\" data-element_type=\"widget\" data-e-type=\"widget\" data-widget_type=\"image.default\">\n\t\t\t\t<div class=\"elementor-widget-container\">\n\t\t\t\t\t\t\t\t\t\t\t\t<figure class=\"wp-caption\">\n\t\t\t\t\t\t\t\t\t\t<img loading=\"lazy\" decoding=\"async\" width=\"600\" height=\"394\" src=\"http:\/\/www.gebirgsverein-services.at\/bergsteigergruppe\/wp-content\/uploads\/2022\/11\/BG_2005-06_KleinerOedstein10-SO-Wand_ChristianFaltin_GrosserOedstein.jpg\" class=\"attachment-medium_large size-medium_large wp-image-2466\" alt=\"\" srcset=\"http:\/\/www.gebirgsverein-services.at\/bergsteigergruppe\/wp-content\/uploads\/2022\/11\/BG_2005-06_KleinerOedstein10-SO-Wand_ChristianFaltin_GrosserOedstein.jpg 600w, http:\/\/www.gebirgsverein-services.at\/bergsteigergruppe\/wp-content\/uploads\/2022\/11\/BG_2005-06_KleinerOedstein10-SO-Wand_ChristianFaltin_GrosserOedstein-300x197.jpg 300w\" sizes=\"(max-width: 600px) 100vw, 600px\" \/>\t\t\t\t\t\t\t\t\t\t\t<figcaption class=\"widget-image-caption wp-caption-text\">Gro\u00dfer \u00d6dstein hinter dem Gipfelkreuz des kleinen \u00d6dsteins<\/figcaption>\n\t\t\t\t\t\t\t\t\t\t<\/figure>\n\t\t\t\t\t\t\t\t\t<\/div>\n\t\t\t\t<\/div>\n\t\t\t\t\t<\/div>\n\t\t<\/div>\n\t\t\t\t\t<\/div>\n\t\t<\/section>\n\t\t\t\t<section class=\"elementor-section elementor-inner-section elementor-element elementor-element-9fd6792 elementor-section-boxed elementor-section-height-default elementor-section-height-default\" data-id=\"9fd6792\" data-element_type=\"section\" data-e-type=\"section\">\n\t\t\t\t\t\t<div class=\"elementor-container elementor-column-gap-default\">\n\t\t\t\t\t<div class=\"elementor-column elementor-col-50 elementor-inner-column elementor-element elementor-element-ccd1bbe\" data-id=\"ccd1bbe\" data-element_type=\"column\" data-e-type=\"column\">\n\t\t\t<div class=\"elementor-widget-wrap elementor-element-populated\">\n\t\t\t\t\t\t<div class=\"elementor-element elementor-element-03bfe6a elementor-widget elementor-widget-image\" data-id=\"03bfe6a\" data-element_type=\"widget\" data-e-type=\"widget\" data-widget_type=\"image.default\">\n\t\t\t\t<div class=\"elementor-widget-container\">\n\t\t\t\t\t\t\t\t\t\t\t\t<figure class=\"wp-caption\">\n\t\t\t\t\t\t\t\t\t\t<img loading=\"lazy\" decoding=\"async\" width=\"600\" height=\"391\" src=\"http:\/\/www.gebirgsverein-services.at\/bergsteigergruppe\/wp-content\/uploads\/2022\/11\/BG_2005-06_KleinerOedstein11-SO-Wand_ChristianFaltin_Abstieg-Gamssteinsattel.jpg\" class=\"attachment-medium_large size-medium_large wp-image-2467\" alt=\"\" srcset=\"http:\/\/www.gebirgsverein-services.at\/bergsteigergruppe\/wp-content\/uploads\/2022\/11\/BG_2005-06_KleinerOedstein11-SO-Wand_ChristianFaltin_Abstieg-Gamssteinsattel.jpg 600w, http:\/\/www.gebirgsverein-services.at\/bergsteigergruppe\/wp-content\/uploads\/2022\/11\/BG_2005-06_KleinerOedstein11-SO-Wand_ChristianFaltin_Abstieg-Gamssteinsattel-300x196.jpg 300w\" sizes=\"(max-width: 600px) 100vw, 600px\" \/>\t\t\t\t\t\t\t\t\t\t\t<figcaption class=\"widget-image-caption wp-caption-text\">Beginn des abstiegs zum Gamssteinsattel<\/figcaption>\n\t\t\t\t\t\t\t\t\t\t<\/figure>\n\t\t\t\t\t\t\t\t\t<\/div>\n\t\t\t\t<\/div>\n\t\t\t\t\t<\/div>\n\t\t<\/div>\n\t\t\t\t<div class=\"elementor-column elementor-col-50 elementor-inner-column elementor-element elementor-element-3170aff\" data-id=\"3170aff\" data-element_type=\"column\" data-e-type=\"column\">\n\t\t\t<div class=\"elementor-widget-wrap elementor-element-populated\">\n\t\t\t\t\t\t<div class=\"elementor-element elementor-element-3eb759b elementor-widget elementor-widget-image\" data-id=\"3eb759b\" data-element_type=\"widget\" data-e-type=\"widget\" data-widget_type=\"image.default\">\n\t\t\t\t<div class=\"elementor-widget-container\">\n\t\t\t\t\t\t\t\t\t\t\t\t<figure class=\"wp-caption\">\n\t\t\t\t\t\t\t\t\t\t<img loading=\"lazy\" decoding=\"async\" width=\"394\" height=\"600\" src=\"http:\/\/www.gebirgsverein-services.at\/bergsteigergruppe\/wp-content\/uploads\/2022\/11\/BG_2005-06_KleinerOedstein12-SO-Wand_ChristianFaltin_Wasserfall-oberhalb-Wolfbauern.jpg\" class=\"attachment-medium_large size-medium_large wp-image-2468\" alt=\"\" srcset=\"http:\/\/www.gebirgsverein-services.at\/bergsteigergruppe\/wp-content\/uploads\/2022\/11\/BG_2005-06_KleinerOedstein12-SO-Wand_ChristianFaltin_Wasserfall-oberhalb-Wolfbauern.jpg 394w, http:\/\/www.gebirgsverein-services.at\/bergsteigergruppe\/wp-content\/uploads\/2022\/11\/BG_2005-06_KleinerOedstein12-SO-Wand_ChristianFaltin_Wasserfall-oberhalb-Wolfbauern-197x300.jpg 197w\" sizes=\"(max-width: 394px) 100vw, 394px\" \/>\t\t\t\t\t\t\t\t\t\t\t<figcaption class=\"widget-image-caption wp-caption-text\">Wasserfall oberhalb vom Wolfbauern<\/figcaption>\n\t\t\t\t\t\t\t\t\t\t<\/figure>\n\t\t\t\t\t\t\t\t\t<\/div>\n\t\t\t\t<\/div>\n\t\t\t\t\t<\/div>\n\t\t<\/div>\n\t\t\t\t\t<\/div>\n\t\t<\/section>\n\t\t\t\t\t<\/div>\n\t\t<\/div>\n\t\t\t\t\t<\/div>\n\t\t<\/section>\n\t\t\t\t<section class=\"elementor-section elementor-top-section elementor-element elementor-element-4acc723 elementor-section-boxed elementor-section-height-default elementor-section-height-default\" data-id=\"4acc723\" data-element_type=\"section\" data-e-type=\"section\">\n\t\t\t\t\t\t<div class=\"elementor-container elementor-column-gap-default\">\n\t\t\t\t\t<div class=\"elementor-column elementor-col-100 elementor-top-column elementor-element elementor-element-6285c08\" data-id=\"6285c08\" data-element_type=\"column\" data-e-type=\"column\">\n\t\t\t<div class=\"elementor-widget-wrap elementor-element-populated\">\n\t\t\t\t\t\t<div class=\"elementor-element elementor-element-7cb85a4 elementor-widget elementor-widget-text-editor\" data-id=\"7cb85a4\" data-element_type=\"widget\" data-e-type=\"widget\" data-widget_type=\"text-editor.default\">\n\t\t\t\t<div class=\"elementor-widget-container\">\n\t\t\t\t\t\t\t\t\t<p>Text, Fotos : Christian Faltin 2005<br \/>Update Layout 11\/2022\u00a0\u00a0<a href=\"http:\/\/bg.gebirgsverein.at\/wbadr.htm\" target=\"_blank\" rel=\"noopener\">U<\/a>lli Fechter<br \/><a href=\"http:\/\/www.gebirgsverein-services.at\/Web_FA\/berichte\/2005_kleiner_oedstein\/\">Link zur original Webseite<\/a><\/p>\t\t\t\t\t\t\t\t<\/div>\n\t\t\t\t<\/div>\n\t\t\t\t\t<\/div>\n\t\t<\/div>\n\t\t\t\t\t<\/div>\n\t\t<\/section>\n\t\t\t\t<\/div>\n\t\t","protected":false},"excerpt":{"rendered":"<p>Kleiner \u00d6dstein Christian Faltin S\u00fcdostwandWaidhofener Weg, 4-517 Seill\u00e4ngen.Abstieg: 400 bis 500m abklettern zum Gamssteinsattel, 2.Grad &#8212;&#8212;&#8212;&#8212; Diese Eintragung in unserer Tourenpartnerb\u00f6rse hat anscheinend nicht allzu verlockend geklungen. Die kurze Bemerkung [&hellip;]<\/p>\n","protected":false},"author":1,"featured_media":0,"parent":0,"menu_order":0,"comment_status":"closed","ping_status":"closed","template":"","meta":{"ocean_post_layout":"full-screen","ocean_both_sidebars_style":"","ocean_both_sidebars_content_width":0,"ocean_both_sidebars_sidebars_width":0,"ocean_sidebar":"0","ocean_second_sidebar":"0","ocean_disable_margins":"on","ocean_add_body_class":"","ocean_shortcode_before_top_bar":"","ocean_shortcode_after_top_bar":"","ocean_shortcode_before_header":"","ocean_shortcode_after_header":"","ocean_has_shortcode":"","ocean_shortcode_after_title":"","ocean_shortcode_before_footer_widgets":"","ocean_shortcode_after_footer_widgets":"","ocean_shortcode_before_footer_bottom":"","ocean_shortcode_after_footer_bottom":"","ocean_display_top_bar":"default","ocean_display_header":"default","ocean_header_style":"","ocean_center_header_left_menu":"0","ocean_custom_header_template":"0","ocean_custom_logo":0,"ocean_custom_retina_logo":0,"ocean_custom_logo_max_width":0,"ocean_custom_logo_tablet_max_width":0,"ocean_custom_logo_mobile_max_width":0,"ocean_custom_logo_max_height":0,"ocean_custom_logo_tablet_max_height":0,"ocean_custom_logo_mobile_max_height":0,"ocean_header_custom_menu":"0","ocean_menu_typo_font_family":"0","ocean_menu_typo_font_subset":"","ocean_menu_typo_font_size":0,"ocean_menu_typo_font_size_tablet":0,"ocean_menu_typo_font_size_mobile":0,"ocean_menu_typo_font_size_unit":"px","ocean_menu_typo_font_weight":"","ocean_menu_typo_font_weight_tablet":"","ocean_menu_typo_font_weight_mobile":"","ocean_menu_typo_transform":"","ocean_menu_typo_transform_tablet":"","ocean_menu_typo_transform_mobile":"","ocean_menu_typo_line_height":0,"ocean_menu_typo_line_height_tablet":0,"ocean_menu_typo_line_height_mobile":0,"ocean_menu_typo_line_height_unit":"","ocean_menu_typo_spacing":0,"ocean_menu_typo_spacing_tablet":0,"ocean_menu_typo_spacing_mobile":0,"ocean_menu_typo_spacing_unit":"","ocean_menu_link_color":"","ocean_menu_link_color_hover":"","ocean_menu_link_color_active":"","ocean_menu_link_background":"","ocean_menu_link_hover_background":"","ocean_menu_link_active_background":"","ocean_menu_social_links_bg":"","ocean_menu_social_hover_links_bg":"","ocean_menu_social_links_color":"","ocean_menu_social_hover_links_color":"","ocean_disable_title":"on","ocean_disable_heading":"default","ocean_post_title":"","ocean_post_subheading":"","ocean_post_title_style":"","ocean_post_title_background_color":"","ocean_post_title_background":0,"ocean_post_title_bg_image_position":"","ocean_post_title_bg_image_attachment":"","ocean_post_title_bg_image_repeat":"","ocean_post_title_bg_image_size":"","ocean_post_title_height":0,"ocean_post_title_bg_overlay":0.5,"ocean_post_title_bg_overlay_color":"","ocean_disable_breadcrumbs":"default","ocean_breadcrumbs_color":"","ocean_breadcrumbs_separator_color":"","ocean_breadcrumbs_links_color":"","ocean_breadcrumbs_links_hover_color":"","ocean_display_footer_widgets":"default","ocean_display_footer_bottom":"default","ocean_custom_footer_template":"0","footnotes":""},"class_list":["post-2451","page","type-page","status-publish","hentry","entry"],"_links":{"self":[{"href":"http:\/\/www.gebirgsverein-services.at\/bergsteigergruppe\/wp-json\/wp\/v2\/pages\/2451","targetHints":{"allow":["GET"]}}],"collection":[{"href":"http:\/\/www.gebirgsverein-services.at\/bergsteigergruppe\/wp-json\/wp\/v2\/pages"}],"about":[{"href":"http:\/\/www.gebirgsverein-services.at\/bergsteigergruppe\/wp-json\/wp\/v2\/types\/page"}],"author":[{"embeddable":true,"href":"http:\/\/www.gebirgsverein-services.at\/bergsteigergruppe\/wp-json\/wp\/v2\/users\/1"}],"replies":[{"embeddable":true,"href":"http:\/\/www.gebirgsverein-services.at\/bergsteigergruppe\/wp-json\/wp\/v2\/comments?post=2451"}],"version-history":[{"count":50,"href":"http:\/\/www.gebirgsverein-services.at\/bergsteigergruppe\/wp-json\/wp\/v2\/pages\/2451\/revisions"}],"predecessor-version":[{"id":2568,"href":"http:\/\/www.gebirgsverein-services.at\/bergsteigergruppe\/wp-json\/wp\/v2\/pages\/2451\/revisions\/2568"}],"wp:attachment":[{"href":"http:\/\/www.gebirgsverein-services.at\/bergsteigergruppe\/wp-json\/wp\/v2\/media?parent=2451"}],"curies":[{"name":"wp","href":"https:\/\/api.w.org\/{rel}","templated":true}]}}